{"id":54853,"date":"2022-09-24T05:07:22","date_gmt":"2022-09-24T05:07:22","guid":{"rendered":"https:\/\/asztalosdavid.hu\/?page_id=54853"},"modified":"2025-09-02T06:42:57","modified_gmt":"2025-09-02T06:42:57","slug":"rolam","status":"publish","type":"page","link":"https:\/\/asztalosdavid.hu\/en\/rolam\/","title":{"rendered":"About"},"content":{"rendered":"<p>[et_pb_section fb_built=&#8221;1&#8243; custom_padding_last_edited=&#8221;on|desktop&#8221; admin_label=&#8221;Hero Section&#8221; module_id=&#8221;title&#8221; _builder_version=&#8221;4.27.4&#8243; _module_preset=&#8221;default&#8221; background_color=&#8221;#FFFFFF&#8221; background_enable_image=&#8221;off&#8221; background_position=&#8221;top_center&#8221; background_enable_mask_style=&#8221;on&#8221; background_mask_style=&#8221;triangles&#8221; background_mask_color=&#8221;gcid-c8282cb7-c9d7-4db7-945f-460b1beb65c8&#8243; background_mask_transform=&#8221;invert&#8221; background_mask_size=&#8221;cover&#8221; background_mask_position=&#8221;bottom_right&#8221; custom_padding=&#8221;6vw||6vw||true|false&#8221; custom_padding_tablet=&#8221;||||false|false&#8221; custom_padding_phone=&#8221;10em||10em||true|false&#8221; bottom_divider_style=&#8221;arrow3&#8243; bottom_divider_color=&#8221;gcid-cea55e17-6733-411d-9c70-86e2a0316e0f&#8221; bottom_divider_flip=&#8221;horizontal&#8221; locked=&#8221;off&#8221; collapsed=&#8221;off&#8221; global_colors_info=&#8221;{%22gcid-cea55e17-6733-411d-9c70-86e2a0316e0f%22:%91%22bottom_divider_color%22,%22bottom_divider_color%22%93,%22gcid-146e4299-1c3e-4378-9d61-0ddf839d934f%22:%91%22background_color_gradient_stops%22,%22background_color_gradient_stops%22%93,%22gcid-c8282cb7-c9d7-4db7-945f-460b1beb65c8%22:%91%22background_mask_color%22%93}&#8221;][et_pb_row admin_label=&#8221;Who I Am Row&#8221; _builder_version=&#8221;4.27.4&#8243; _module_preset=&#8221;default&#8221; max_width=&#8221;2560px&#8221; collapsed=&#8221;off&#8221; global_colors_info=&#8221;{}&#8221;][et_pb_column type=&#8221;4_4&#8243; _builder_version=&#8221;4.27.4&#8243; _module_preset=&#8221;default&#8221; global_colors_info=&#8221;{}&#8221;][et_pb_image src=&#8221;https:\/\/asztalosdavid.hu\/wp-content\/uploads\/2022\/09\/asztalosdavid-3391.jpg&#8221; alt=&#8221;Asztalos D\u00e1vid medi\u00e1tor&#8221; title_text=&#8221;Asztalos D\u00e1vid medi\u00e1tor&#8221; align=&#8221;center&#8221; _builder_version=&#8221;4.27.4&#8243; _module_preset=&#8221;default&#8221; width=&#8221;200px&#8221; width_tablet=&#8221;160px&#8221; width_phone=&#8221;120px&#8221; width_last_edited=&#8221;on|phone&#8221; module_alignment=&#8221;center&#8221; hover_enabled=&#8221;0&#8243; border_radii=&#8221;on|50%|50%|50%|50%&#8221; global_colors_info=&#8221;{%22gcid-67ff11d6-3187-4a5a-85c7-39dfb09314c0%22:%91%22box_shadow_color%22,%22box_shadow_color%22%93,%22gcid-body-color%22:%91%22border_color_all%22%93}&#8221; border_width_all=&#8221;6px&#8221; border_color_all=&#8221;gcid-body-color&#8221; sticky_enabled=&#8221;0&#8243;][\/et_pb_image][et_pb_text admin_label=&#8221;Main Title&#8221; _builder_version=&#8221;4.27.4&#8243; _module_preset=&#8221;e598b17a-9229-42f6-b238-019d6094332e&#8221; header_font=&#8221;|800|||||||&#8221; header_text_align=&#8221;center&#8221; header_text_color=&#8221;gcid-primary-color&#8221; header_font_size=&#8221;48px&#8221; header_line_height=&#8221;1.1em&#8221; header_3_font=&#8221;&#8211;et_global_heading_font|600||on|||||&#8221; header_3_text_align=&#8221;center&#8221; header_3_text_color=&#8221;gcid-146e4299-1c3e-4378-9d61-0ddf839d934f&#8221; header_3_font_size=&#8221;16px&#8221; header_3_letter_spacing=&#8221;3px&#8221; header_3_line_height=&#8221;1.7em&#8221; header_4_font=&#8221;&#8211;et_global_heading_font|600||on|||||&#8221; header_4_text_align=&#8221;center&#8221; header_4_text_color=&#8221;gcid-body-color&#8221; header_4_font_size=&#8221;14px&#8221; header_4_letter_spacing=&#8221;3px&#8221; header_4_line_height=&#8221;1.7em&#8221; header_3_font_size_tablet=&#8221;16px&#8221; header_3_font_size_phone=&#8221;13px&#8221; header_3_font_size_last_edited=&#8221;on|phone&#8221; header_4_font_size_tablet=&#8221;14px&#8221; header_4_font_size_phone=&#8221;12px&#8221; header_4_font_size_last_edited=&#8221;on|desktop&#8221; locked=&#8221;off&#8221; global_colors_info=&#8221;{%22gcid-primary-color%22:%91%22header_text_color%22,%22header_text_color%22,%22header_text_color%22,%22header_text_color%22,%22header_text_color%22,%22header_text_color%22%93,%22gcid-146e4299-1c3e-4378-9d61-0ddf839d934f%22:%91%22header_3_text_color%22,%22header_3_text_color%22,%22header_3_text_color%22,%22header_3_text_color%22,%22header_3_text_color%22,%22header_3_text_color%22%93,%22gcid-body-color%22:%91%22header_4_text_color%22%93}&#8221;]<\/p>\n<h1>Asztalos D\u00e1vid<\/h1>\n<h3>P\u00e1rkapcsolati \u00e9s csal\u00e1di medi\u00e1tor<\/h3>\n<p>[\/et_pb_text][\/et_pb_column][\/et_pb_row][et_pb_row column_structure=&#8221;2_5,3_5&#8243; _builder_version=&#8221;4.27.4&#8243; _module_preset=&#8221;default&#8221; custom_padding=&#8221;0px|0px|0px|0px|true|true&#8221; global_colors_info=&#8221;{}&#8221;][et_pb_column type=&#8221;2_5&#8243; _builder_version=&#8221;4.27.4&#8243; _module_preset=&#8221;default&#8221; global_colors_info=&#8221;{}&#8221;][et_pb_image src=&#8221;https:\/\/asztalosdavid.hu\/wp-content\/uploads\/2022\/10\/eskuvo-400&#215;300-1.jpg&#8221; title_text=&#8221;eskuvo-400&#215;300-1&#8243; align=&#8221;center&#8221; _builder_version=&#8221;4.27.4&#8243; _module_preset=&#8221;default&#8221; module_alignment=&#8221;center&#8221; global_colors_info=&#8221;{}&#8221;][\/et_pb_image][\/et_pb_column][et_pb_column type=&#8221;3_5&#8243; _builder_version=&#8221;4.27.4&#8243; _module_preset=&#8221;default&#8221; global_colors_info=&#8221;{}&#8221;][et_pb_text _builder_version=&#8221;4.27.4&#8243; _module_preset=&#8221;default&#8221; text_text_color=&#8221;gcid-body-color&#8221; text_font_size=&#8221;18px&#8221; text_line_height=&#8221;1.8em&#8221; module_alignment=&#8221;center&#8221; global_colors_info=&#8221;{%22gcid-body-color%22:%91%22text_text_color%22%93}&#8221;]<\/p>\n<p>Feles\u00e9gemmel 18 \u00e9ves korunk \u00f3ta, t\u00f6bb mint 30 \u00e9ve vagyunk egy\u00fctt, \u00e9s h\u00e1rom gyereket nevel\u00fcnk. Kapcsolatunkat eleinte k\u00fcl\u00f6nlegesnek v\u00e9lt\u00fck; azt gondoltuk, hogy szerelm\u00fcnk mindenek felett \u00e1ll \u00e9s elpuszt\u00edthatatlan. Ezt az \u00e9rz\u00e9st v\u00e1ratlanul \u00e9s brut\u00e1lis m\u00f3don z\u00fazta sz\u00e9t az els\u0151 kr\u00edzis\u00fcnk, amelyet id\u0151r\u0151l id\u0151re \u00fajabbak k\u00f6vettek. S\u00falyos traum\u00e1kat okoztunk egym\u00e1snak, \u00f6nmagunknak \u00e9s a gyerekeinknek, \u00e9s most azt \u00e9rzem, hogy ha fiatalon \u00e9rtett\u00fck volna azt, amit ma, akkor ennek a rengeteg f\u00e1jdalomnak jelent\u0151s r\u00e9sze elker\u00fclhet\u0151 lett volna.<\/p>\n<p>Medi\u00e1tori v\u00e9gzetts\u00e9gemet a P\u00e9csi Tudom\u00e1nyegyetemen, tan\u00e1ri diplom\u00e1mat az E\u00f6tv\u00f6s Lor\u00e1nd Tudom\u00e1nyegyetemen szereztem. Szerepelek az Igazs\u00e1g\u00fcgyi Miniszt\u00e9rium k\u00f6zvet\u00edt\u0151i n\u00e9vjegyz\u00e9k\u00e9ben, medi\u00e1tori igazolv\u00e1nyom sz\u00e1ma: K0014. Tagja vagyok a K\u00f6z\u00e9p-Eur\u00f3pai Medi\u00e1ci\u00f3s Int\u00e9zet Egyes\u00fcletnek. \u00d6nk\u00e9ntesk\u00e9nt dolgozom a Budai Egysz\u00fcl\u0151s K\u00f6zpontban.<\/p>\n<p>[\/et_pb_text][\/et_pb_column][\/et_pb_row][et_pb_row admin_label=&#8221;Title Row&#8221; _builder_version=&#8221;4.18.0&#8243; background_enable_color=&#8221;off&#8221; max_width=&#8221;2560px&#8221; animation_direction=&#8221;bottom&#8221; use_custom_width=&#8221;on&#8221; collapsed=&#8221;off&#8221; global_colors_info=&#8221;{%22gcid-67ff11d6-3187-4a5a-85c7-39dfb09314c0%22:%91%22box_shadow_color%22,%22background_color%22%93}&#8221;][et_pb_column type=&#8221;4_4&#8243; _builder_version=&#8221;4.18.0&#8243; _module_preset=&#8221;default&#8221; global_colors_info=&#8221;{}&#8221;][et_pb_text admin_label=&#8221;Title&#8221; _builder_version=&#8221;4.18.0&#8243; text_font=&#8221;Lato||||||||&#8221; text_font_size=&#8221;18px&#8221; text_line_height=&#8221;1.8em&#8221; link_font=&#8221;||||||||&#8221; ul_font=&#8221;||||||||&#8221; ol_font=&#8221;||||||||&#8221; quote_font=&#8221;||||||||&#8221; header_font=&#8221;||||||||&#8221; header_text_color=&#8221;gcid-af3abba4-e1aa-4141-bc65-cb8666c851a8&#8243; header_2_font=&#8221;|700|||||||&#8221; header_2_text_align=&#8221;center&#8221; header_2_text_color=&#8221;gcid-f21c2298-6c8e-4a66-b709-ad43f7e17872&#8243; header_2_font_size=&#8221;40px&#8221; header_2_line_height=&#8221;1.5em&#8221; header_3_font=&#8221;||||||||&#8221; header_4_font=&#8221;||||||||&#8221; header_5_font=&#8221;||||||||&#8221; header_6_font=&#8221;|700|||||||&#8221; header_6_font_size=&#8221;18px&#8221; header_6_letter_spacing=&#8221;1px&#8221; header_6_line_height=&#8221;1.8em&#8221; animation_direction=&#8221;bottom&#8221; header_2_font_size_tablet=&#8221;&#8221; header_2_font_size_phone=&#8221;22px&#8221; header_2_font_size_last_edited=&#8221;on|phone&#8221; global_colors_info=&#8221;{%22gcid-af3abba4-e1aa-4141-bc65-cb8666c851a8%22:%91%22header_text_color%22%93,%22gcid-f21c2298-6c8e-4a66-b709-ad43f7e17872%22:%91%22header_2_text_color%22%93}&#8221;]<\/p>\n<h2>Megjelen\u00e9sek<\/h2>\n<p>[\/et_pb_text][\/et_pb_column][\/et_pb_row][et_pb_row column_structure=&#8221;1_2,1_2&#8243; use_custom_gutter=&#8221;on&#8221; _builder_version=&#8221;4.17.4&#8243; max_width=&#8221;2560px&#8221; custom_margin=&#8221;0px||32px||false|false&#8221; custom_padding=&#8221;0px||0px||true|false&#8221; animation_direction=&#8221;bottom&#8221; use_custom_width=&#8221;on&#8221; collapsed=&#8221;on&#8221; global_colors_info=&#8221;{}&#8221;][et_pb_column type=&#8221;1_2&#8243; _builder_version=&#8221;4.18.0&#8243; _module_preset=&#8221;default&#8221; global_colors_info=&#8221;{}&#8221;][et_pb_blurb title=&#8221;Nemek \u00e9s nemek: Mi\u00e9rt j\u00f3, ha megtanulunk nemet mondani a p\u00e1runknak?&#8221; url=&#8221;https:\/\/mumpark.hu\/interju\/nemek-es-nemek-miert-jo-ha-megtanulunk-nemet-mondani-a-parunknak\/&#8221; url_new_window=&#8221;on&#8221; use_icon=&#8221;on&#8221; font_icon=&#8221;&#xf130;||fa||900&#8243; icon_color=&#8221;gcid-58d8bd6d-9d00-4f74-8cd4-88ac703da356&#8243; image_icon_background_color=&#8221;RGBA(255,255,255,0)&#8221; icon_placement=&#8221;left&#8221; image_icon_width=&#8221;32px&#8221; _builder_version=&#8221;4.18.0&#8243; header_level=&#8221;h2&#8243; header_font=&#8221;|700|||||||&#8221; header_text_color=&#8221;gcid-146e4299-1c3e-4378-9d61-0ddf839d934f&#8221; header_font_size=&#8221;16px&#8221; header_line_height=&#8221;1.5em&#8221; body_font=&#8221;||||||||&#8221; body_text_color=&#8221;gcid-58d8bd6d-9d00-4f74-8cd4-88ac703da356&#8243; body_line_height=&#8221;1.5em&#8221; image_icon_custom_padding=&#8221;||||false|false&#8221; custom_margin=&#8221;0px||0px||true|false&#8221; custom_padding=&#8221;0px||0px||true|false&#8221; animation_direction=&#8221;bottom&#8221; animation=&#8221;off&#8221; icon_font_size=&#8221;22px&#8221; locked=&#8221;off&#8221; global_colors_info=&#8221;{%22gcid-58d8bd6d-9d00-4f74-8cd4-88ac703da356%22:%91%22icon_color%22,%22body_text_color%22%93,%22gcid-146e4299-1c3e-4378-9d61-0ddf839d934f%22:%91%22header_text_color%22%93}&#8221;]<\/p>\n<p>Podcast Ryszka N\u00f3r\u00e1val (Mum Park) &#8211; 2022. febru\u00e1r 19.<\/p>\n<p>[\/et_pb_blurb][\/et_pb_column][et_pb_column type=&#8221;1_2&#8243; _builder_version=&#8221;4.18.0&#8243; _module_preset=&#8221;default&#8221; global_colors_info=&#8221;{}&#8221;][et_pb_blurb title=&#8221;\u00c9s boldogan \u00e9ltek, m\u00edg el nem v\u00e1ltak&#8221; url=&#8221;https:\/\/mumpark.hu\/interju\/es-boldogan-eltek-mig-el-nem-valtak-mire-jo-a-hazassagi-felkeszites\/&#8221; url_new_window=&#8221;on&#8221; use_icon=&#8221;on&#8221; font_icon=&#8221;&#xf15c;||fa||900&#8243; icon_color=&#8221;gcid-58d8bd6d-9d00-4f74-8cd4-88ac703da356&#8243; image_icon_background_color=&#8221;RGBA(255,255,255,0)&#8221; icon_placement=&#8221;left&#8221; image_icon_width=&#8221;32px&#8221; _builder_version=&#8221;4.17.4&#8243; header_level=&#8221;h2&#8243; header_font=&#8221;|700|||||||&#8221; header_text_color=&#8221;gcid-146e4299-1c3e-4378-9d61-0ddf839d934f&#8221; header_font_size=&#8221;16px&#8221; header_line_height=&#8221;1.5em&#8221; body_font=&#8221;||||||||&#8221; body_text_color=&#8221;gcid-58d8bd6d-9d00-4f74-8cd4-88ac703da356&#8243; body_line_height=&#8221;1.5em&#8221; image_icon_custom_padding=&#8221;||||false|false&#8221; custom_margin=&#8221;0px||0px||true|false&#8221; custom_padding=&#8221;0px||0px||true|false&#8221; animation_direction=&#8221;bottom&#8221; animation=&#8221;off&#8221; icon_font_size=&#8221;22px&#8221; locked=&#8221;off&#8221; global_colors_info=&#8221;{%22gcid-58d8bd6d-9d00-4f74-8cd4-88ac703da356%22:%91%22icon_color%22,%22body_text_color%22,%22icon_color%22%93,%22gcid-146e4299-1c3e-4378-9d61-0ddf839d934f%22:%91%22header_text_color%22,%22header_text_color%22%93,%22gcid-af3abba4-e1aa-4141-bc65-cb8666c851a8%22:%91%22header_text_color%22,%22header_text_color%22,%22header_text_color%22,%22header_text_color%22,%22header_text_color%22%93}&#8221;]<\/p>\n<p>Interj\u00fa Ryszka N\u00f3r\u00e1val (Mum Park) &#8211; 2021. november 20.<\/p>\n<p>[\/et_pb_blurb][\/et_pb_column][\/et_pb_row][et_pb_row column_structure=&#8221;1_2,1_2&#8243; use_custom_gutter=&#8221;on&#8221; _builder_version=&#8221;4.17.4&#8243; max_width=&#8221;2560px&#8221; custom_margin=&#8221;0px||32px||false|false&#8221; custom_padding=&#8221;0px||0px||true|false&#8221; animation_direction=&#8221;bottom&#8221; use_custom_width=&#8221;on&#8221; collapsed=&#8221;on&#8221; global_colors_info=&#8221;{}&#8221;][et_pb_column type=&#8221;1_2&#8243; _builder_version=&#8221;4.16&#8243; custom_padding=&#8221;|||&#8221; global_colors_info=&#8221;{}&#8221; custom_padding__hover=&#8221;|||&#8221;][et_pb_blurb title=&#8221;Nemet mondani nem is olyan k\u00f6nny\u0171&#8221; url=&#8221;https:\/\/mumpark.hu\/podcast\/asztalos-david-parkapcsolati-mediator-volt-a-beszelgeto-partnerem&#8221; url_new_window=&#8221;on&#8221; use_icon=&#8221;on&#8221; font_icon=&#8221;&#xf130;||fa||900&#8243; icon_color=&#8221;gcid-58d8bd6d-9d00-4f74-8cd4-88ac703da356&#8243; image_icon_background_color=&#8221;RGBA(255,255,255,0)&#8221; icon_placement=&#8221;left&#8221; image_icon_width=&#8221;32px&#8221; _builder_version=&#8221;4.17.4&#8243; header_level=&#8221;h2&#8243; header_font=&#8221;|700|||||||&#8221; header_text_color=&#8221;gcid-146e4299-1c3e-4378-9d61-0ddf839d934f&#8221; header_font_size=&#8221;16px&#8221; header_line_height=&#8221;1.5em&#8221; body_font=&#8221;||||||||&#8221; body_text_color=&#8221;gcid-58d8bd6d-9d00-4f74-8cd4-88ac703da356&#8243; body_line_height=&#8221;1.5em&#8221; image_icon_custom_padding=&#8221;||||false|false&#8221; custom_margin=&#8221;0px||0px||true|false&#8221; custom_padding=&#8221;0px||0px||true|false&#8221; animation_direction=&#8221;bottom&#8221; animation=&#8221;off&#8221; icon_font_size=&#8221;22px&#8221; locked=&#8221;off&#8221; global_colors_info=&#8221;{%22gcid-58d8bd6d-9d00-4f74-8cd4-88ac703da356%22:%91%22icon_color%22,%22body_text_color%22,%22icon_color%22%93,%22gcid-146e4299-1c3e-4378-9d61-0ddf839d934f%22:%91%22header_text_color%22,%22header_text_color%22%93,%22gcid-af3abba4-e1aa-4141-bc65-cb8666c851a8%22:%91%22header_text_color%22,%22header_text_color%22%93}&#8221;]<\/p>\n<p>Podcast Desits Andre\u00e1val (Mum Park) &#8211; 2022. m\u00e1rcius 19.<\/p>\n<p>[\/et_pb_blurb][\/et_pb_column][et_pb_column type=&#8221;1_2&#8243; _builder_version=&#8221;4.16&#8243; custom_padding=&#8221;|||&#8221; global_colors_info=&#8221;{}&#8221; custom_padding__hover=&#8221;|||&#8221;][et_pb_blurb title=&#8221;Profil: A f\u00e9rfi&#8221; url=&#8221;https:\/\/web.archive.org\/web\/20210305041609\/http:\/\/azember.hu\/asztalos-david&#8221; url_new_window=&#8221;on&#8221; use_icon=&#8221;on&#8221; font_icon=&#8221;&#xf15c;||fa||900&#8243; icon_color=&#8221;gcid-58d8bd6d-9d00-4f74-8cd4-88ac703da356&#8243; image_icon_background_color=&#8221;RGBA(255,255,255,0)&#8221; icon_placement=&#8221;left&#8221; image_icon_width=&#8221;32px&#8221; _builder_version=&#8221;4.23.1&#8243; header_level=&#8221;h2&#8243; header_font=&#8221;|700|||||||&#8221; header_text_color=&#8221;gcid-146e4299-1c3e-4378-9d61-0ddf839d934f&#8221; header_font_size=&#8221;16px&#8221; header_line_height=&#8221;1.5em&#8221; body_font=&#8221;||||||||&#8221; body_text_color=&#8221;gcid-58d8bd6d-9d00-4f74-8cd4-88ac703da356&#8243; body_line_height=&#8221;1.5em&#8221; image_icon_custom_padding=&#8221;||||false|false&#8221; custom_margin=&#8221;0px||0px||true|false&#8221; custom_padding=&#8221;0px||0px||true|false&#8221; animation_direction=&#8221;bottom&#8221; animation=&#8221;off&#8221; icon_font_size=&#8221;22px&#8221; locked=&#8221;off&#8221; global_colors_info=&#8221;{%22gcid-58d8bd6d-9d00-4f74-8cd4-88ac703da356%22:%91%22icon_color%22,%22body_text_color%22,%22icon_color%22%93,%22gcid-146e4299-1c3e-4378-9d61-0ddf839d934f%22:%91%22header_text_color%22,%22header_text_color%22%93,%22gcid-af3abba4-e1aa-4141-bc65-cb8666c851a8%22:%91%22header_text_color%22,%22header_text_color%22,%22header_text_color%22%93}&#8221;]<\/p>\n<p>Bemutatkoz\u00e1s Az ember c\u00edm\u0171 blogon &#8211; 2018. augusztus 15. (arch\u00edv)<\/p>\n<p>[\/et_pb_blurb][\/et_pb_column][\/et_pb_row][et_pb_row column_structure=&#8221;1_2,1_2&#8243; use_custom_gutter=&#8221;on&#8221; _builder_version=&#8221;4.17.4&#8243; max_width=&#8221;2560px&#8221; custom_margin=&#8221;0px||0px||true|false&#8221; custom_padding=&#8221;0px||0px||true|false&#8221; animation_direction=&#8221;bottom&#8221; use_custom_width=&#8221;on&#8221; collapsed=&#8221;off&#8221; global_colors_info=&#8221;{}&#8221;][et_pb_column type=&#8221;1_2&#8243; _builder_version=&#8221;4.16&#8243; custom_padding=&#8221;|||&#8221; global_colors_info=&#8221;{}&#8221; custom_padding__hover=&#8221;|||&#8221;][et_pb_blurb title=&#8221;Kar\u00e1csonyi t\u00e1ny\u00e9rt\u00f6r\u00e9s helyett t\u00f6lts\u00fck meg az \u00e9rzelmi banksz\u00e1ml\u00e1t! \u2013 A medi\u00e1tor \u00fcnnepi tan\u00e1csai&#8221; url=&#8221;https:\/\/mumpark.hu\/interju\/karacsonyi-tanyertores-helyett-toltsuk-meg-az-erzelmi-bankszamlat-a-mediator-unnepi-tanacsai\/&#8221; url_new_window=&#8221;on&#8221; use_icon=&#8221;on&#8221; font_icon=&#8221;&#xf130;||fa||900&#8243; icon_color=&#8221;gcid-58d8bd6d-9d00-4f74-8cd4-88ac703da356&#8243; image_icon_background_color=&#8221;RGBA(255,255,255,0)&#8221; icon_placement=&#8221;left&#8221; image_icon_width=&#8221;32px&#8221; _builder_version=&#8221;4.18.0&#8243; header_level=&#8221;h2&#8243; header_font=&#8221;|700|||||||&#8221; header_text_color=&#8221;gcid-146e4299-1c3e-4378-9d61-0ddf839d934f&#8221; header_font_size=&#8221;16px&#8221; header_line_height=&#8221;1.5em&#8221; body_font=&#8221;||||||||&#8221; body_text_color=&#8221;gcid-58d8bd6d-9d00-4f74-8cd4-88ac703da356&#8243; body_line_height=&#8221;1.5em&#8221; image_icon_custom_padding=&#8221;||||false|false&#8221; custom_margin=&#8221;0px||0px||true|false&#8221; custom_padding=&#8221;0px||0px||true|false&#8221; animation_direction=&#8221;bottom&#8221; animation=&#8221;off&#8221; icon_font_size=&#8221;22px&#8221; locked=&#8221;off&#8221; global_colors_info=&#8221;{%22gcid-58d8bd6d-9d00-4f74-8cd4-88ac703da356%22:%91%22icon_color%22,%22body_text_color%22,%22icon_color%22%93,%22gcid-146e4299-1c3e-4378-9d61-0ddf839d934f%22:%91%22header_text_color%22,%22header_text_color%22%93,%22gcid-af3abba4-e1aa-4141-bc65-cb8666c851a8%22:%91%22header_text_color%22,%22header_text_color%22,%22header_text_color%22%93}&#8221;]<\/p>\n<p>Podcast Ryszka N\u00f3r\u00e1val (Mum Park) &#8211; 2022. december 18.<\/p>\n<p>[\/et_pb_blurb][\/et_pb_column][et_pb_column type=&#8221;1_2&#8243; _builder_version=&#8221;4.16&#8243; custom_padding=&#8221;|||&#8221; global_colors_info=&#8221;{}&#8221; custom_padding__hover=&#8221;|||&#8221;][et_pb_blurb title=&#8221;Medi\u00e1ci\u00f3s eszk\u00f6z\u00f6k hat\u00e9konys\u00e1ga a h\u00e1zass\u00e1gi probl\u00e9m\u00e1k megel\u0151z\u00e9s\u00e9ben&#8221; url=&#8221;@ET-DC@eyJkeW5hbWljIjp0cnVlLCJjb250ZW50IjoicG9zdF9saW5rX3VybF9hdHRhY2htZW50Iiwic2V0dGluZ3MiOnsicG9zdF9pZCI6IjU2MTE0In19@&#8221; url_new_window=&#8221;on&#8221; use_icon=&#8221;on&#8221; font_icon=&#8221;&#xf1c1;||fa||900&#8243; icon_color=&#8221;gcid-58d8bd6d-9d00-4f74-8cd4-88ac703da356&#8243; image_icon_background_color=&#8221;RGBA(255,255,255,0)&#8221; icon_placement=&#8221;left&#8221; image_icon_width=&#8221;32px&#8221; _builder_version=&#8221;4.18.0&#8243; _dynamic_attributes=&#8221;url&#8221; header_level=&#8221;h2&#8243; header_font=&#8221;|700|||||||&#8221; header_text_color=&#8221;gcid-146e4299-1c3e-4378-9d61-0ddf839d934f&#8221; header_font_size=&#8221;16px&#8221; header_line_height=&#8221;1.5em&#8221; body_font=&#8221;||||||||&#8221; body_text_color=&#8221;gcid-58d8bd6d-9d00-4f74-8cd4-88ac703da356&#8243; body_line_height=&#8221;1.5em&#8221; image_icon_custom_padding=&#8221;||||false|false&#8221; custom_margin=&#8221;0px||0px||true|false&#8221; custom_padding=&#8221;0px||0px||true|false&#8221; animation_direction=&#8221;bottom&#8221; animation=&#8221;off&#8221; icon_font_size=&#8221;22px&#8221; locked=&#8221;off&#8221; global_colors_info=&#8221;{%22gcid-58d8bd6d-9d00-4f74-8cd4-88ac703da356%22:%91%22icon_color%22,%22body_text_color%22,%22icon_color%22%93,%22gcid-146e4299-1c3e-4378-9d61-0ddf839d934f%22:%91%22header_text_color%22,%22header_text_color%22%93,%22gcid-af3abba4-e1aa-4141-bc65-cb8666c851a8%22:%91%22header_text_color%22,%22header_text_color%22,%22header_text_color%22%93}&#8221;]<\/p>\n<p>Kutat\u00e1si jegyz\u0151k\u00f6nyv &#8211; 2022. janu\u00e1r 2.<\/p>\n<p>[\/et_pb_blurb][\/et_pb_column][\/et_pb_row][\/et_pb_section]<\/p>\n","protected":false},"excerpt":{"rendered":"<p>Seg\u00edtek p\u00e1rkapcsolati \u00e9s csal\u00e1di konfliktusok megold\u00e1s\u00e1ban, a kommunik\u00e1ci\u00f3 fejleszt\u00e9s\u00e9ben, elt\u00e1volod\u00e1s kezel\u00e9s\u00e9ben, \u00e9s d\u00f6nt\u00e9shozatalban.<\/p>","protected":false},"author":1,"featured_media":54946,"parent":0,"menu_order":0,"comment_status":"closed","ping_status":"closed","template":"","meta":{"_et_pb_use_builder":"on","_et_pb_old_content":"","_et_gb_content_width":"","inline_featured_image":false,"footnotes":""},"class_list":["post-54853","page","type-page","status-publish","has-post-thumbnail","hentry"],"yoast_head":"<!-- This site is optimized with the Yoast SEO plugin v27.5 - https:\/\/yoast.com\/product\/yoast-seo-wordpress\/ -->\n<title>Asztalos D\u00e1vid p\u00e1rkapcsolati \u00e9s csal\u00e1di medi\u00e1tor<\/title>\n<meta name=\"description\" content=\"Seg\u00edtek p\u00e1rkapcsolati \u00e9s csal\u00e1di konfliktusok megold\u00e1s\u00e1ban, a kommunik\u00e1ci\u00f3 fejleszt\u00e9s\u00e9ben, elt\u00e1volod\u00e1s kezel\u00e9s\u00e9ben, \u00e9s d\u00f6nt\u00e9shozatalban.\" \/>\n<meta name=\"robots\" content=\"index, follow, max-snippet:-1, max-image-preview:large, max-video-preview:-1\" \/>\n<link rel=\"canonical\" href=\"https:\/\/asztalosdavid.hu\/en\/rolam\/\" \/>\n<meta property=\"og:locale\" content=\"en_US\" \/>\n<meta property=\"og:type\" content=\"article\" \/>\n<meta property=\"og:title\" content=\"Asztalos D\u00e1vid p\u00e1rkapcsolati \u00e9s csal\u00e1di medi\u00e1tor\" \/>\n<meta property=\"og:description\" content=\"Seg\u00edtek p\u00e1rkapcsolati \u00e9s csal\u00e1di konfliktusok megold\u00e1s\u00e1ban, a kommunik\u00e1ci\u00f3 fejleszt\u00e9s\u00e9ben, elt\u00e1volod\u00e1s kezel\u00e9s\u00e9ben, \u00e9s d\u00f6nt\u00e9shozatalban.\" \/>\n<meta property=\"og:url\" content=\"https:\/\/asztalosdavid.hu\/en\/rolam\/\" \/>\n<meta property=\"og:site_name\" content=\"Asztalos D\u00e1vid p\u00e1rkapcsolati \u00e9s csal\u00e1di medi\u00e1tor\" \/>\n<meta property=\"article:modified_time\" content=\"2025-09-02T06:42:57+00:00\" \/>\n<meta property=\"og:image\" content=\"https:\/\/asztalosdavid.hu\/wp-content\/uploads\/2022\/09\/adb-e1635242079769.jpg\" \/>\n\t<meta property=\"og:image:width\" content=\"240\" \/>\n\t<meta property=\"og:image:height\" content=\"240\" \/>\n\t<meta property=\"og:image:type\" content=\"image\/jpeg\" \/>\n<meta name=\"twitter:card\" content=\"summary_large_image\" \/>\n<meta name=\"twitter:title\" content=\"Asztalos D\u00e1vid p\u00e1rkapcsolati \u00e9s csal\u00e1di medi\u00e1tor\" \/>\n<meta name=\"twitter:description\" content=\"Seg\u00edtek p\u00e1rkapcsolati \u00e9s csal\u00e1di konfliktusok megold\u00e1s\u00e1ban, a kommunik\u00e1ci\u00f3 fejleszt\u00e9s\u00e9ben, elt\u00e1volod\u00e1s kezel\u00e9s\u00e9ben, \u00e9s d\u00f6nt\u00e9shozatalban.\" \/>\n<meta name=\"twitter:image\" content=\"https:\/\/asztalosdavid.hu\/wp-content\/uploads\/2022\/09\/adb-e1635242079769.jpg\" \/>\n<meta name=\"twitter:label1\" content=\"Est. reading time\" \/>\n\t<meta name=\"twitter:data1\" content=\"1 minute\" \/>\n<script type=\"application\/ld+json\" class=\"yoast-schema-graph\">{\"@context\":\"https:\\\/\\\/schema.org\",\"@graph\":[{\"@type\":\"WebPage\",\"@id\":\"https:\\\/\\\/asztalosdavid.hu\\\/rolam\\\/\",\"url\":\"https:\\\/\\\/asztalosdavid.hu\\\/rolam\\\/\",\"name\":\"Asztalos D\u00e1vid p\u00e1rkapcsolati \u00e9s csal\u00e1di medi\u00e1tor\",\"isPartOf\":{\"@id\":\"https:\\\/\\\/asztalosdavid.hu\\\/#website\"},\"primaryImageOfPage\":{\"@id\":\"https:\\\/\\\/asztalosdavid.hu\\\/rolam\\\/#primaryimage\"},\"image\":{\"@id\":\"https:\\\/\\\/asztalosdavid.hu\\\/rolam\\\/#primaryimage\"},\"thumbnailUrl\":\"https:\\\/\\\/asztalosdavid.hu\\\/wp-content\\\/uploads\\\/2022\\\/09\\\/adb-e1635242079769.jpg\",\"datePublished\":\"2022-09-24T05:07:22+00:00\",\"dateModified\":\"2025-09-02T06:42:57+00:00\",\"description\":\"Seg\u00edtek p\u00e1rkapcsolati \u00e9s csal\u00e1di konfliktusok megold\u00e1s\u00e1ban, a kommunik\u00e1ci\u00f3 fejleszt\u00e9s\u00e9ben, elt\u00e1volod\u00e1s kezel\u00e9s\u00e9ben, \u00e9s d\u00f6nt\u00e9shozatalban.\",\"breadcrumb\":{\"@id\":\"https:\\\/\\\/asztalosdavid.hu\\\/rolam\\\/#breadcrumb\"},\"inLanguage\":\"en-US\",\"potentialAction\":[{\"@type\":\"ReadAction\",\"target\":[\"https:\\\/\\\/asztalosdavid.hu\\\/rolam\\\/\"]}]},{\"@type\":\"ImageObject\",\"inLanguage\":\"en-US\",\"@id\":\"https:\\\/\\\/asztalosdavid.hu\\\/rolam\\\/#primaryimage\",\"url\":\"https:\\\/\\\/asztalosdavid.hu\\\/wp-content\\\/uploads\\\/2022\\\/09\\\/adb-e1635242079769.jpg\",\"contentUrl\":\"https:\\\/\\\/asztalosdavid.hu\\\/wp-content\\\/uploads\\\/2022\\\/09\\\/adb-e1635242079769.jpg\",\"width\":240,\"height\":240},{\"@type\":\"BreadcrumbList\",\"@id\":\"https:\\\/\\\/asztalosdavid.hu\\\/rolam\\\/#breadcrumb\",\"itemListElement\":[{\"@type\":\"ListItem\",\"position\":1,\"name\":\"Home\",\"item\":\"https:\\\/\\\/asztalosdavid.hu\\\/\"},{\"@type\":\"ListItem\",\"position\":2,\"name\":\"R\u00f3lam\"}]},{\"@type\":\"WebSite\",\"@id\":\"https:\\\/\\\/asztalosdavid.hu\\\/#website\",\"url\":\"https:\\\/\\\/asztalosdavid.hu\\\/\",\"name\":\"Asztalos D\u00e1vid p\u00e1rkapcsolati \u00e9s csal\u00e1di medi\u00e1tor\",\"description\":\"Asztalos D\u00e1vid p\u00e1rkapcsolati \u00e9s csal\u00e1di medi\u00e1tor\",\"publisher\":{\"@id\":\"https:\\\/\\\/asztalosdavid.hu\\\/#organization\"},\"potentialAction\":[{\"@type\":\"SearchAction\",\"target\":{\"@type\":\"EntryPoint\",\"urlTemplate\":\"https:\\\/\\\/asztalosdavid.hu\\\/?s={search_term_string}\"},\"query-input\":{\"@type\":\"PropertyValueSpecification\",\"valueRequired\":true,\"valueName\":\"search_term_string\"}}],\"inLanguage\":\"en-US\"},{\"@type\":\"Organization\",\"@id\":\"https:\\\/\\\/asztalosdavid.hu\\\/#organization\",\"name\":\"Asztalos D\u00e1vid p\u00e1rkapcsolati \u00e9s csal\u00e1di medi\u00e1tor\",\"url\":\"https:\\\/\\\/asztalosdavid.hu\\\/\",\"logo\":{\"@type\":\"ImageObject\",\"inLanguage\":\"en-US\",\"@id\":\"https:\\\/\\\/asztalosdavid.hu\\\/#\\\/schema\\\/logo\\\/image\\\/\",\"url\":\"https:\\\/\\\/asztalosdavid.hu\\\/wp-content\\\/uploads\\\/2022\\\/09\\\/cropped-logo.png\",\"contentUrl\":\"https:\\\/\\\/asztalosdavid.hu\\\/wp-content\\\/uploads\\\/2022\\\/09\\\/cropped-logo.png\",\"width\":512,\"height\":512,\"caption\":\"Asztalos D\u00e1vid p\u00e1rkapcsolati \u00e9s csal\u00e1di medi\u00e1tor\"},\"image\":{\"@id\":\"https:\\\/\\\/asztalosdavid.hu\\\/#\\\/schema\\\/logo\\\/image\\\/\"}}]}<\/script>\n<!-- \/ Yoast SEO plugin. -->","yoast_head_json":{"title":"Asztalos D\u00e1vid p\u00e1rkapcsolati \u00e9s csal\u00e1di medi\u00e1tor","description":"Seg\u00edtek p\u00e1rkapcsolati \u00e9s csal\u00e1di konfliktusok megold\u00e1s\u00e1ban, a kommunik\u00e1ci\u00f3 fejleszt\u00e9s\u00e9ben, elt\u00e1volod\u00e1s kezel\u00e9s\u00e9ben, \u00e9s d\u00f6nt\u00e9shozatalban.","robots":{"index":"index","follow":"follow","max-snippet":"max-snippet:-1","max-image-preview":"max-image-preview:large","max-video-preview":"max-video-preview:-1"},"canonical":"https:\/\/asztalosdavid.hu\/en\/rolam\/","og_locale":"en_US","og_type":"article","og_title":"Asztalos D\u00e1vid p\u00e1rkapcsolati \u00e9s csal\u00e1di medi\u00e1tor","og_description":"Seg\u00edtek p\u00e1rkapcsolati \u00e9s csal\u00e1di konfliktusok megold\u00e1s\u00e1ban, a kommunik\u00e1ci\u00f3 fejleszt\u00e9s\u00e9ben, elt\u00e1volod\u00e1s kezel\u00e9s\u00e9ben, \u00e9s d\u00f6nt\u00e9shozatalban.","og_url":"https:\/\/asztalosdavid.hu\/en\/rolam\/","og_site_name":"Asztalos D\u00e1vid p\u00e1rkapcsolati \u00e9s csal\u00e1di medi\u00e1tor","article_modified_time":"2025-09-02T06:42:57+00:00","og_image":[{"width":240,"height":240,"url":"https:\/\/asztalosdavid.hu\/wp-content\/uploads\/2022\/09\/adb-e1635242079769.jpg","type":"image\/jpeg"}],"twitter_card":"summary_large_image","twitter_title":"Asztalos D\u00e1vid p\u00e1rkapcsolati \u00e9s csal\u00e1di medi\u00e1tor","twitter_description":"Seg\u00edtek p\u00e1rkapcsolati \u00e9s csal\u00e1di konfliktusok megold\u00e1s\u00e1ban, a kommunik\u00e1ci\u00f3 fejleszt\u00e9s\u00e9ben, elt\u00e1volod\u00e1s kezel\u00e9s\u00e9ben, \u00e9s d\u00f6nt\u00e9shozatalban.","twitter_image":"https:\/\/asztalosdavid.hu\/wp-content\/uploads\/2022\/09\/adb-e1635242079769.jpg","twitter_misc":{"Est. reading time":"1 minute"},"schema":{"@context":"https:\/\/schema.org","@graph":[{"@type":"WebPage","@id":"https:\/\/asztalosdavid.hu\/rolam\/","url":"https:\/\/asztalosdavid.hu\/rolam\/","name":"Asztalos D\u00e1vid p\u00e1rkapcsolati \u00e9s csal\u00e1di medi\u00e1tor","isPartOf":{"@id":"https:\/\/asztalosdavid.hu\/#website"},"primaryImageOfPage":{"@id":"https:\/\/asztalosdavid.hu\/rolam\/#primaryimage"},"image":{"@id":"https:\/\/asztalosdavid.hu\/rolam\/#primaryimage"},"thumbnailUrl":"https:\/\/asztalosdavid.hu\/wp-content\/uploads\/2022\/09\/adb-e1635242079769.jpg","datePublished":"2022-09-24T05:07:22+00:00","dateModified":"2025-09-02T06:42:57+00:00","description":"Seg\u00edtek p\u00e1rkapcsolati \u00e9s csal\u00e1di konfliktusok megold\u00e1s\u00e1ban, a kommunik\u00e1ci\u00f3 fejleszt\u00e9s\u00e9ben, elt\u00e1volod\u00e1s kezel\u00e9s\u00e9ben, \u00e9s d\u00f6nt\u00e9shozatalban.","breadcrumb":{"@id":"https:\/\/asztalosdavid.hu\/rolam\/#breadcrumb"},"inLanguage":"en-US","potentialAction":[{"@type":"ReadAction","target":["https:\/\/asztalosdavid.hu\/rolam\/"]}]},{"@type":"ImageObject","inLanguage":"en-US","@id":"https:\/\/asztalosdavid.hu\/rolam\/#primaryimage","url":"https:\/\/asztalosdavid.hu\/wp-content\/uploads\/2022\/09\/adb-e1635242079769.jpg","contentUrl":"https:\/\/asztalosdavid.hu\/wp-content\/uploads\/2022\/09\/adb-e1635242079769.jpg","width":240,"height":240},{"@type":"BreadcrumbList","@id":"https:\/\/asztalosdavid.hu\/rolam\/#breadcrumb","itemListElement":[{"@type":"ListItem","position":1,"name":"Home","item":"https:\/\/asztalosdavid.hu\/"},{"@type":"ListItem","position":2,"name":"R\u00f3lam"}]},{"@type":"WebSite","@id":"https:\/\/asztalosdavid.hu\/#website","url":"https:\/\/asztalosdavid.hu\/","name":"Asztalos D\u00e1vid p\u00e1rkapcsolati \u00e9s csal\u00e1di medi\u00e1tor","description":"Asztalos D\u00e1vid p\u00e1rkapcsolati \u00e9s csal\u00e1di medi\u00e1tor","publisher":{"@id":"https:\/\/asztalosdavid.hu\/#organization"},"potentialAction":[{"@type":"SearchAction","target":{"@type":"EntryPoint","urlTemplate":"https:\/\/asztalosdavid.hu\/?s={search_term_string}"},"query-input":{"@type":"PropertyValueSpecification","valueRequired":true,"valueName":"search_term_string"}}],"inLanguage":"en-US"},{"@type":"Organization","@id":"https:\/\/asztalosdavid.hu\/#organization","name":"Asztalos D\u00e1vid p\u00e1rkapcsolati \u00e9s csal\u00e1di medi\u00e1tor","url":"https:\/\/asztalosdavid.hu\/","logo":{"@type":"ImageObject","inLanguage":"en-US","@id":"https:\/\/asztalosdavid.hu\/#\/schema\/logo\/image\/","url":"https:\/\/asztalosdavid.hu\/wp-content\/uploads\/2022\/09\/cropped-logo.png","contentUrl":"https:\/\/asztalosdavid.hu\/wp-content\/uploads\/2022\/09\/cropped-logo.png","width":512,"height":512,"caption":"Asztalos D\u00e1vid p\u00e1rkapcsolati \u00e9s csal\u00e1di medi\u00e1tor"},"image":{"@id":"https:\/\/asztalosdavid.hu\/#\/schema\/logo\/image\/"}}]}},"_links":{"self":[{"href":"https:\/\/asztalosdavid.hu\/en\/wp-json\/wp\/v2\/pages\/54853","targetHints":{"allow":["GET"]}}],"collection":[{"href":"https:\/\/asztalosdavid.hu\/en\/wp-json\/wp\/v2\/pages"}],"about":[{"href":"https:\/\/asztalosdavid.hu\/en\/wp-json\/wp\/v2\/types\/page"}],"author":[{"embeddable":true,"href":"https:\/\/asztalosdavid.hu\/en\/wp-json\/wp\/v2\/users\/1"}],"replies":[{"embeddable":true,"href":"https:\/\/asztalosdavid.hu\/en\/wp-json\/wp\/v2\/comments?post=54853"}],"version-history":[{"count":27,"href":"https:\/\/asztalosdavid.hu\/en\/wp-json\/wp\/v2\/pages\/54853\/revisions"}],"predecessor-version":[{"id":57792,"href":"https:\/\/asztalosdavid.hu\/en\/wp-json\/wp\/v2\/pages\/54853\/revisions\/57792"}],"wp:featuredmedia":[{"embeddable":true,"href":"https:\/\/asztalosdavid.hu\/en\/wp-json\/wp\/v2\/media\/54946"}],"wp:attachment":[{"href":"https:\/\/asztalosdavid.hu\/en\/wp-json\/wp\/v2\/media?parent=54853"}],"curies":[{"name":"wp","href":"https:\/\/api.w.org\/{rel}","templated":true}]}}